{"version":"1.0","provider_name":"Pink Zebra","provider_url":"https:\/\/pinkzebra.cafeblog.hu","author_name":"Linyah","author_url":"https:\/\/pinkzebra.cafeblog.hu\/author\/linyah\/","title":"Gumics\u00f3nakos v\u00edzicsata a Dun\u00e1n","html":"<p><a href=\"https:\/\/pinkzebra.cafeblog.hu\/files\/2015\/07\/32.jpg\"><img class=\" size-large wp-image-5879 aligncenter\" src=\"https:\/\/pinkzebra.cafeblog.hu\/files\/2015\/07\/32-600x400.jpg\" alt=\"Nabada\" width=\"600\" height=\"400\" \/><\/a><\/p>\r\n<p>&nbsp;<\/p>\r\n<p><span style=\"color: #993300\">Aki h\u00e9tf\u0151n, 07.20-\u00e1n N\u00e9metorsz\u00e1gban Ulmban j\u00e1rt, egy fantasztikus v\u00edzikarnev\u00e1lnak lehetett r\u00e9szese.<\/span><\/p>\r\n<p><span style=\"color: #993300\">Ez a Nabada, melynek sor\u00e1n a Dun\u00e1n vonulnak fel a r\u00e9sztvev\u0151k haj\u00f3kkal, cs\u00f3nakokkal, s\u0151t, ak\u00e1r gumimatracokkal is a 7 km-es \u00fatvonalon. K\u00fcl\u00f6nb\u00f6z\u0151 egyes\u00fcletek, c\u00e9gek versenyeznek is egym\u00e1ssal, hogy kinek a haj\u00f3ja a legk\u00fcl\u00f6nlegesebben d\u00edsz\u00edtett, de zenekarokat is bevetnek a sz\u00f3rakoztat\u00e1s \u00e9rdek\u00e9ben.<\/span><\/p>\r\n<p><span style=\"color: #993300\">Term\u00e9szetesen a vizicsata sem maradhat el, a szerencse, hogy arrafel\u00e9 sem f\u00e1ztak az emberek, m\u00e9g a nem t\u00fal meleg Duna v\u00edz\u00e9t\u0151l sem :)<\/span><\/p>\r\n<p><span style=\"color: #993300\">\u00da\u00fa\u00fa\u00fa, de r\u00e9szt venn\u00e9k ilyenen! :)<\/span><\/p>\r\n<p>&nbsp;<\/p>\r\n<p><a href=\"https:\/\/pinkzebra.cafeblog.hu\/files\/2015\/07\/18.jpg\"><img class=\" size-large wp-image-5877 aligncenter\" src=\"https:\/\/pinkzebra.cafeblog.hu\/files\/2015\/07\/18-600x400.jpg\" alt=\"Nabada\" width=\"600\" height=\"400\" \/><\/a><\/p>\r\n<p><a href=\"https:\/\/pinkzebra.cafeblog.hu\/files\/2015\/07\/23.jpg\"><img class=\" size-large wp-image-5878 aligncenter\" src=\"https:\/\/pinkzebra.cafeblog.hu\/files\/2015\/07\/23-600x400.jpg\" alt=\"Nabada\" width=\"600\" height=\"400\" \/><\/a><\/p>\r\n<p><a href=\"https:\/\/pinkzebra.cafeblog.hu\/files\/2015\/07\/43.jpg\"><img class=\" size-large wp-image-5880 aligncenter\" src=\"https:\/\/pinkzebra.cafeblog.hu\/files\/2015\/07\/43-600x400.jpg\" alt=\"Nabada\" width=\"600\" height=\"400\" \/><\/a><\/p>\r\n<p><a href=\"https:\/\/pinkzebra.cafeblog.hu\/files\/2015\/07\/53.jpg\"><img class=\" size-large wp-image-5881 aligncenter\" src=\"https:\/\/pinkzebra.cafeblog.hu\/files\/2015\/07\/53-400x600.jpg\" alt=\"Nabada Ulm\" width=\"400\" height=\"600\" \/><\/a><\/p>\r\n<p>&nbsp;<\/p>\r\n<p>[embed]https:\/\/www.youtube.com\/watch?v=ZIL0l16RJlA[\/embed]<\/p>\r\n<p>&nbsp;<\/p>\r\n<p>&nbsp;<\/p>\r\n<p>&nbsp;<\/p>\r\n<p><span style=\"color: #993300\">Ha tetszett a bejegyz\u00e9se, csatlakozz a<\/span> <strong><span style=\"color: #008080\"><a style=\"color: #008080\" href=\"http:\/\/www.facebook.com\/pinkzebrablog\">Pink Zebra Facebook oldal\u00e1hoz<\/a><\/span><\/strong> <span style=\"color: #993300\">\u00e9s iratkozz fel a heti h\u00edrlev\u00e9l\u00e9rt a blogk\u00f6vet\u00e9sre (itt, jobbra), ne maradj le semmir\u0151l! :)<\/span><\/p>\r\n<p>&nbsp;<\/p>\r\n<p>&nbsp;<\/p>\r\n<p><span style=\"color: #993300\">Forr\u00e1s:<\/span>\u00a0<span style=\"color: #008080\"><a style=\"color: #008080\" href=\"http:\/\/www.tourismus.ulm.de\/web\/de\/feste-und-veranstaltungen\/fuer-kunst-und-kulturliebhaber\/nabada.php\">http:\/\/www.tourismus.ulm.de\/web\/de\/feste-und-veranstaltungen\/fuer-kunst-und-kulturliebhaber\/nabada.php<\/a><\/span><\/p>","type":"rich"}